{"id":8615,"date":"2023-01-27T11:32:41","date_gmt":"2023-01-27T11:32:41","guid":{"rendered":"https:\/\/farmleigh.ie\/baile\/"},"modified":"2026-02-01T15:21:51","modified_gmt":"2026-02-01T15:21:51","slug":"baile","status":"publish","type":"page","link":"https:\/\/farmleigh.ie\/ga\/","title":{"rendered":"Baile"},"content":{"rendered":"<p>[et_pb_section fb_built=&#8221;1&#8243; fullwidth=&#8221;on&#8221; _builder_version=&#8221;4.17.3&#8243; background_enable_color=&#8221;off&#8221; global_colors_info=&#8221;{}&#8221;][et_pb_fullwidth_slider disabled_on=&#8221;off|off|off&#8221; _builder_version=&#8221;4.16&#8243; custom_button=&#8221;on&#8221; button_text_size=&#8221;17&#8243; button_border_width=&#8221;1&#8243; button_alignment=&#8221;center&#8221; auto=&#8221;on&#8221; auto_speed=&#8221;6000&#8243; auto_ignore_hover=&#8221;on&#8221; z_index_tablet=&#8221;500&#8243; global_colors_info=&#8221;{}&#8221; button_text_size__hover_enabled=&#8221;off&#8221; button_text_size__hover=&#8221;null&#8221; button_one_text_size__hover_enabled=&#8221;off&#8221; button_one_text_size__hover=&#8221;null&#8221; button_two_text_size__hover_enabled=&#8221;off&#8221; button_two_text_size__hover=&#8221;null&#8221; button_text_color__hover_enabled=&#8221;off&#8221; button_text_color__hover=&#8221;null&#8221; button_one_text_color__hover_enabled=&#8221;off&#8221; button_one_text_color__hover=&#8221;null&#8221; button_two_text_color__hover_enabled=&#8221;off&#8221; button_two_text_color__hover=&#8221;null&#8221; button_border_width__hover_enabled=&#8221;off&#8221; button_border_width__hover=&#8221;null&#8221; button_one_border_width__hover_enabled=&#8221;off&#8221; button_one_border_width__hover=&#8221;null&#8221; button_two_border_width__hover_enabled=&#8221;off&#8221; button_two_border_width__hover=&#8221;null&#8221; button_border_color__hover_enabled=&#8221;off&#8221; button_border_color__hover=&#8221;null&#8221; button_one_border_color__hover_enabled=&#8221;off&#8221; button_one_border_color__hover=&#8221;null&#8221; button_two_border_color__hover_enabled=&#8221;off&#8221; button_two_border_color__hover=&#8221;null&#8221; button_border_radius__hover_enabled=&#8221;off&#8221; button_border_radius__hover=&#8221;null&#8221; button_one_border_radius__hover_enabled=&#8221;off&#8221; button_one_border_radius__hover=&#8221;null&#8221; button_two_border_radius__hover_enabled=&#8221;off&#8221; button_two_border_radius__hover=&#8221;null&#8221; button_letter_spacing__hover_enabled=&#8221;off&#8221; button_letter_spacing__hover=&#8221;null&#8221; button_one_letter_spacing__hover_enabled=&#8221;off&#8221; button_one_letter_spacing__hover=&#8221;null&#8221; button_two_letter_spacing__hover_enabled=&#8221;off&#8221; button_two_letter_spacing__hover=&#8221;null&#8221; button_bg_color__hover_enabled=&#8221;off&#8221; button_bg_color__hover=&#8221;null&#8221; button_one_bg_color__hover_enabled=&#8221;off&#8221; button_one_bg_color__hover=&#8221;null&#8221; button_two_bg_color__hover_enabled=&#8221;off&#8221; button_two_bg_color__hover=&#8221;null&#8221;][et_pb_slide button_text=&#8221;Tabhair cuairt ar an Teach M\u00f3r \u00c9adbhardach eicl\u00e9icteach, a fh\u00f3nann mar Theach A\u00edochta St\u00e1t na h\u00c9ireann&#8221; button_link=&#8221;http:\/\/farmleigh.ie\/opening-hours\/&#8221; use_bg_overlay=&#8221;off&#8221; use_text_overlay=&#8221;off&#8221; admin_title=&#8221;Visit the Eclectic Edwardian Mansion that serves as the Irish State Guesthouse&#8221; _builder_version=&#8221;4.16&#8243; header_text_align=&#8221;center&#8221; body_text_align=&#8221;center&#8221; background_color=&#8221;#800020&#8243; background_image=&#8221;http:\/\/farmleigh.ie\/wp-content\/uploads\/2017\/08\/2000-DSC_0716.jpg&#8221; button_on_hover=&#8221;on&#8221; width=&#8221;%22600%22&#8243; global_colors_info=&#8221;{}&#8221; sticky_transition=&#8221;on&#8221;]<\/p>\n<h3 style=\"text-align: center;\"><img loading=\"lazy\" decoding=\"async\" class=\"aligncenter wp-image-2368\" src=\"http:\/\/farmleigh.ie\/wp-content\/uploads\/2017\/11\/FARMLEIGH_logo-original-1024x543.png\" alt=\"\" width=\"600\" height=\"318\" srcset=\"https:\/\/farmleigh.ie\/wp-content\/uploads\/2017\/11\/FARMLEIGH_logo-original-1024x543.png 1024w, https:\/\/farmleigh.ie\/wp-content\/uploads\/2017\/11\/FARMLEIGH_logo-original-300x159.png 300w, https:\/\/farmleigh.ie\/wp-content\/uploads\/2017\/11\/FARMLEIGH_logo-original-768x407.png 768w, https:\/\/farmleigh.ie\/wp-content\/uploads\/2017\/11\/FARMLEIGH_logo-original-1080x573.png 1080w, https:\/\/farmleigh.ie\/wp-content\/uploads\/2017\/11\/FARMLEIGH_logo-original.png 1639w\" sizes=\"(max-width: 600px) 100vw, 600px\" \/><\/h3>\n<p>[\/et_pb_slide][et_pb_slide button_text=&#8221;Tabhair turas ar an taispe\u00e1ntas is d\u00e9ana\u00ed i nGaileara\u00ed c\u00e1ili\u00fail Farmleigh&#8221; button_link=&#8221;http:\/\/farmleigh.ie\/gallery\/&#8221; use_bg_overlay=&#8221;on&#8221; bg_overlay_color=&#8221;rgba(0,0,0,0.33)&#8221; use_text_overlay=&#8221;off&#8221; admin_title=&#8221;Tour the Latest Exhibition in the Acclaimed Farmleigh Gallery&#8221; _builder_version=&#8221;4.16&#8243; background_color=&#8221;#800020&#8243; background_image=&#8221;http:\/\/farmleigh.ie\/wp-content\/uploads\/2017\/10\/Farmleigh-Gallery-exterior.-OPW-1.jpg&#8221; button_on_hover=&#8221;on&#8221; global_colors_info=&#8221;{}&#8221; sticky_transition=&#8221;on&#8221;]<\/p>\n<p><img loading=\"lazy\" decoding=\"async\" class=\"aligncenter wp-image-2368\" src=\"http:\/\/farmleigh.ie\/wp-content\/uploads\/2017\/11\/FARMLEIGH_logo-original-1024x543.png\" alt=\"\" width=\"600\" height=\"318\" srcset=\"https:\/\/farmleigh.ie\/wp-content\/uploads\/2017\/11\/FARMLEIGH_logo-original-1024x543.png 1024w, https:\/\/farmleigh.ie\/wp-content\/uploads\/2017\/11\/FARMLEIGH_logo-original-300x159.png 300w, https:\/\/farmleigh.ie\/wp-content\/uploads\/2017\/11\/FARMLEIGH_logo-original-768x407.png 768w, https:\/\/farmleigh.ie\/wp-content\/uploads\/2017\/11\/FARMLEIGH_logo-original-1080x573.png 1080w, https:\/\/farmleigh.ie\/wp-content\/uploads\/2017\/11\/FARMLEIGH_logo-original.png 1639w\" sizes=\"(max-width: 600px) 100vw, 600px\" \/><\/p>\n<p>[\/et_pb_slide][\/et_pb_fullwidth_slider][et_pb_fullwidth_header title=&#8221;Beidh Teach agus East\u00e1t Farmleigh d\u00fanta \u00f3 11\/04\/23 go 13\/04\/23. Gabhaig\u00ed \u00e1r leithsc\u00e9al as aon mh\u00edchaoithi\u00falacht&#8221; text_orientation=&#8221;center&#8221; button_one_url=&#8221;http:\/\/phoenixpark.ie\/&#8221; disabled_on=&#8221;on|on|on&#8221; admin_label=&#8221;House\/Estate closure (NOTE: DISABLE THIS MODULE WHEN NO RESTRICTIONS IN PLACE)&#8221; _builder_version=&#8221;4.21.0&#8243; background_color=&#8221;RGBA(255,255,255,0)&#8221; background_color_gradient_start=&#8221;#000000&#8243; background_color_gradient_end=&#8221;#ffffff&#8221; vertical_offset_tablet=&#8221;0&#8243; horizontal_offset_tablet=&#8221;0&#8243; background_layout=&#8221;light&#8221; link_option_url_new_window=&#8221;on&#8221; z_index_tablet=&#8221;500&#8243; title_text_shadow_horizontal_length_tablet=&#8221;0px&#8221; title_text_shadow_vertical_length_tablet=&#8221;0px&#8221; title_text_shadow_blur_strength_tablet=&#8221;1px&#8221; content_text_shadow_horizontal_length_tablet=&#8221;0px&#8221; content_text_shadow_vertical_length_tablet=&#8221;0px&#8221; content_text_shadow_blur_strength_tablet=&#8221;1px&#8221; subhead_text_shadow_horizontal_length_tablet=&#8221;0px&#8221; subhead_text_shadow_vertical_length_tablet=&#8221;0px&#8221; subhead_text_shadow_blur_strength_tablet=&#8221;1px&#8221; content_link_text_shadow_horizontal_length_tablet=&#8221;0px&#8221; content_link_text_shadow_vertical_length_tablet=&#8221;0px&#8221; content_link_text_shadow_blur_strength_tablet=&#8221;1px&#8221; content_ul_text_shadow_horizontal_length_tablet=&#8221;0px&#8221; content_ul_text_shadow_vertical_length_tablet=&#8221;0px&#8221; content_ul_text_shadow_blur_strength_tablet=&#8221;1px&#8221; content_ol_text_shadow_horizontal_length_tablet=&#8221;0px&#8221; content_ol_text_shadow_vertical_length_tablet=&#8221;0px&#8221; content_ol_text_shadow_blur_strength_tablet=&#8221;1px&#8221; content_quote_text_shadow_horizontal_length_tablet=&#8221;0px&#8221; content_quote_text_shadow_vertical_length_tablet=&#8221;0px&#8221; content_quote_text_shadow_blur_strength_tablet=&#8221;1px&#8221; button_one_text_shadow_horizontal_length_tablet=&#8221;0px&#8221; button_one_text_shadow_vertical_length_tablet=&#8221;0px&#8221; button_one_text_shadow_blur_strength_tablet=&#8221;1px&#8221; button_two_text_shadow_horizontal_length_tablet=&#8221;0px&#8221; button_two_text_shadow_vertical_length_tablet=&#8221;0px&#8221; button_two_text_shadow_blur_strength_tablet=&#8221;1px&#8221; box_shadow_horizontal_tablet=&#8221;0px&#8221; box_shadow_vertical_tablet=&#8221;0px&#8221; box_shadow_blur_tablet=&#8221;40px&#8221; box_shadow_spread_tablet=&#8221;0px&#8221; box_shadow_horizontal_image_tablet=&#8221;0px&#8221; box_shadow_vertical_image_tablet=&#8221;0px&#8221; box_shadow_blur_image_tablet=&#8221;40px&#8221; box_shadow_spread_image_tablet=&#8221;0px&#8221; box_shadow_horizontal_button_one_tablet=&#8221;0px&#8221; box_shadow_vertical_button_one_tablet=&#8221;0px&#8221; box_shadow_blur_button_one_tablet=&#8221;40px&#8221; box_shadow_spread_button_one_tablet=&#8221;0px&#8221; box_shadow_horizontal_button_two_tablet=&#8221;0px&#8221; box_shadow_vertical_button_two_tablet=&#8221;0px&#8221; box_shadow_blur_button_two_tablet=&#8221;40px&#8221; box_shadow_spread_button_two_tablet=&#8221;0px&#8221; text_shadow_horizontal_length_tablet=&#8221;0px&#8221; text_shadow_vertical_length_tablet=&#8221;0px&#8221; text_shadow_blur_strength_tablet=&#8221;1px&#8221; disabled=&#8221;on&#8221; collapsed=&#8221;on&#8221; global_colors_info=&#8221;{}&#8221;][\/et_pb_fullwidth_header][\/et_pb_section][et_pb_section fb_built=&#8221;1&#8243; _builder_version=&#8221;4.17.3&#8243; background_color=&#8221;#f2f8f7&#8243; global_colors_info=&#8221;{}&#8221;][et_pb_row _builder_version=&#8221;4.27.5&#8243; _module_preset=&#8221;default&#8221; global_colors_info=&#8221;{}&#8221;][et_pb_column type=&#8221;4_4&#8243; _builder_version=&#8221;4.27.5&#8243; _module_preset=&#8221;default&#8221; global_colors_info=&#8221;{}&#8221;][et_pb_text admin_label=&#8221;Welcome Text&#8221; _builder_version=&#8221;4.27.5&#8243; _module_preset=&#8221;default&#8221; global_colors_info=&#8221;{}&#8221;]<\/p>\n<h3>F\u00e1ilte go Teach agus East\u00e1t Farmleigh<\/h3>\n<p>Agus \u00e9 ina east\u00e1t ina bhfuil ocht n-acra is seacht\u00f3 at\u00e1 suite ar an taobh thiar thuaidh de Ph\u00e1irc an Fhionnuisce i mBaile \u00c1tha Cliath, sol\u00e1thra\u00edtear ar East\u00e1t Farmleigh c\u00f3ir\u00edocht d\u2019uaisle ar cuairt agus d\u2019a\u00edonna an n\u00e1isi\u00fain. Cuims\u00edonn Teach agus East\u00e1t Farmleigh teach stairi\u00fail ina bhfuil baili\u00fach\u00e1in th\u00e1bhachtacha, gaileara\u00ed eala\u00edne, ainmhithe feirme agus teach a\u00edochta oifigi\u00fail St\u00e1t na h\u00c9ireann. B\u00edonn an tEast\u00e1t ar oscailt seacht l\u00e1 sa tseachtain.<\/p>\n<p>T\u00e1 East\u00e1t Farmleigh mar bhaile do mhuintir Guinness le roinnt gl\u00faine anuas, agus is l\u00e9iri\u00fa uath\u00fail \u00e9 go f\u00f3ill ar an r\u00e9 \u00c9adbhardach. Is lonnaithe ann at\u00e1 saothair eala\u00edne agus rotha\u00ed t\u00ed a bhfuil t\u00e1bhacht leo, mar aon le baili\u00fach\u00e1n Benjamin U\u00edbh Eachach de leabhair, ceangail agus l\u00e1mhscr\u00edbhinn\u00ed uath\u00fala a shealbha\u00edtear sa Leabharlann. T\u00e1 ar na tailte fairsinge pl\u00e9isi\u00fair gaird\u00edn\u00ed daingne agus sunc\u00e1ilte agus si\u00fal\u00e1in \u00e1ille cois locha, agus iad m\u00fanlaithe go c\u00e1ir\u00e9iseach ag muintir Guinness.<\/p>\n<p>T\u00e1 East\u00e1t Farmleigh faoi bhainist\u00edocht ag <a href=\"https:\/\/www.gov.ie\/en\/organisation\/office-of-public-works\/?referrer=http:\/\/www.opw.ie\/ga\/\">Oifig na nOibreacha Poibl\u00ed<\/a>. T\u00e1 tearmann asal, capaill agus ba dubha Chiarra\u00ed ann ar an East\u00e1t. Tar i gcuideachta le duine d\u00e1r dtreoraithe eolacha ar thuras ar Theach Farmleigh, ar lena linn a rachaidh t\u00fa \u00f3n ocht\u00fa haois d\u00e9ag, nuair a tosa\u00edodh an obair t\u00f3g\u00e1la, suas go dt\u00ed an l\u00e1 inniu.<\/p>\n<p>[\/et_pb_text][\/et_pb_column][\/et_pb_row][et_pb_row column_structure=&#8221;2_3,1_3&#8243; disabled_on=&#8221;off|off|off&#8221; _builder_version=&#8221;4.16&#8243; global_colors_info=&#8221;{}&#8221;][et_pb_column type=&#8221;2_3&#8243; _builder_version=&#8221;4.16&#8243; custom_padding=&#8221;|||&#8221; global_colors_info=&#8221;{}&#8221; custom_padding__hover=&#8221;|||&#8221;][et_pb_text disabled_on=&#8221;on|on|on&#8221; admin_label=&#8221;Welcome Text&#8221; _builder_version=&#8221;4.27.5&#8243; text_text_color=&#8221;#050000&#8243; link_font=&#8221;|600|||||||&#8221; link_text_color=&#8221;#61b533&#8243; vertical_offset_tablet=&#8221;0&#8243; horizontal_offset_tablet=&#8221;0&#8243; module_alignment=&#8221;left&#8221; z_index_tablet=&#8221;500&#8243; box_shadow_horizontal_tablet=&#8221;0px&#8221; box_shadow_vertical_tablet=&#8221;0px&#8221; box_shadow_blur_tablet=&#8221;40px&#8221; box_shadow_spread_tablet=&#8221;0px&#8221; disabled=&#8221;on&#8221; global_colors_info=&#8221;{}&#8221;]<\/p>\n<h3>F\u00e1ilte go Teach agus East\u00e1t Farmleigh<\/h3>\n<p>Agus \u00e9 ina east\u00e1t ina bhfuil ocht n-acra is seacht\u00f3 at\u00e1 suite ar an taobh thiar thuaidh de Ph\u00e1irc an Fhionnuisce i mBaile \u00c1tha Cliath, sol\u00e1thra\u00edtear ar East\u00e1t Farmleigh c\u00f3ir\u00edocht d\u2019uaisle ar cuairt agus d\u2019a\u00edonna an n\u00e1isi\u00fain. Cuims\u00edonn Teach agus East\u00e1t Farmleigh teach stairi\u00fail ina bhfuil baili\u00fach\u00e1in th\u00e1bhachtacha, gaileara\u00ed eala\u00edne, ainmhithe feirme agus teach a\u00edochta oifigi\u00fail St\u00e1t na h\u00c9ireann. B\u00edonn an tEast\u00e1t ar oscailt seacht l\u00e1 sa tseachtain.<\/p>\n<p>T\u00e1 East\u00e1t Farmleigh mar bhaile do mhuintir Guinness le roinnt gl\u00faine anuas, agus is l\u00e9iri\u00fa uath\u00fail \u00e9 go f\u00f3ill ar an r\u00e9 \u00c9adbhardach. Is lonnaithe ann at\u00e1 saothair eala\u00edne agus rotha\u00ed t\u00ed a bhfuil t\u00e1bhacht leo, mar aon le baili\u00fach\u00e1n Benjamin U\u00edbh Eachach de leabhair, ceangail agus l\u00e1mhscr\u00edbhinn\u00ed uath\u00fala a shealbha\u00edtear sa Leabharlann. T\u00e1 ar na tailte fairsinge pl\u00e9isi\u00fair gaird\u00edn\u00ed daingne agus sunc\u00e1ilte agus si\u00fal\u00e1in \u00e1ille cois locha, agus iad m\u00fanlaithe go c\u00e1ir\u00e9iseach ag muintir Guinness.<\/p>\n<p>T\u00e1 East\u00e1t Farmleigh faoi bhainist\u00edocht ag <a href=\"https:\/\/www.gov.ie\/en\/organisation\/office-of-public-works\/?referrer=http:\/\/www.opw.ie\/ga\/\">Oifig na nOibreacha Poibl\u00ed<\/a>. T\u00e1 tearmann asal, capaill agus ba dubha Chiarra\u00ed ann ar an East\u00e1t. Tar i gcuideachta le duine d\u00e1r dtreoraithe eolacha ar thuras ar Theach Farmleigh, ar lena linn a rachaidh t\u00fa \u00f3n ocht\u00fa haois d\u00e9ag, nuair a tosa\u00edodh an obair t\u00f3g\u00e1la, suas go dt\u00ed an l\u00e1 inniu.<\/p>\n<p>[\/et_pb_text][\/et_pb_column][et_pb_column type=&#8221;1_3&#8243; _builder_version=&#8221;4.16&#8243; custom_padding=&#8221;|||&#8221; global_colors_info=&#8221;{}&#8221; custom_padding__hover=&#8221;|||&#8221;][et_pb_image src=&#8221;http:\/\/farmleigh.ie\/wp-content\/uploads\/2017\/08\/Bulls-at-Farmleigh.-OPW.png.jpg&#8221; align_tablet=&#8221;center&#8221; align_phone=&#8221;&#8221; align_last_edited=&#8221;on|desktop&#8221; disabled_on=&#8221;on|on|on&#8221; admin_label=&#8221;Cows Image&#8221; _builder_version=&#8221;4.16&#8243; disabled=&#8221;on&#8221; global_colors_info=&#8221;{}&#8221;][\/et_pb_image][et_pb_button button_url=&#8221;https:\/\/farmleigh.ie\/events\/&#8221; url_new_window=&#8221;on&#8221; button_text=&#8221;CAD AT\u00c1 AR SI\u00daL&#8221; button_alignment=&#8221;left&#8221; disabled_on=&#8221;on|on|on&#8221; admin_label=&#8221;Whats on&#8221; _builder_version=&#8221;4.27.5&#8243; _module_preset=&#8221;default&#8221; custom_button=&#8221;on&#8221; button_text_color=&#8221;#FFFFFF&#8221; button_bg_color=&#8221;#004d44&#8243; button_border_color=&#8221;RGBA(255,255,255,0)&#8221; button_border_radius=&#8221;3px&#8221; button_text_shadow_style=&#8221;preset1&#8243; disabled=&#8221;on&#8221; global_colors_info=&#8221;{}&#8221;][\/et_pb_button][et_pb_button button_url=&#8221;https:\/\/farmleigh.admit-one.eu\/?p=calendar&#038;ev=STANDARD&#8221; url_new_window=&#8221;on&#8221; button_text=&#8221;Cuir Turas ar an Teach in \u00c1irithe&#8221; button_alignment=&#8221;left&#8221; disabled_on=&#8221;on|on|on&#8221; admin_label=&#8221;Phoenix Park Races&#8221; _builder_version=&#8221;4.19.5&#8243; _module_preset=&#8221;default&#8221; custom_button=&#8221;on&#8221; button_text_color=&#8221;#FFFFFF&#8221; button_bg_color=&#8221;#004d44&#8243; button_border_color=&#8221;RGBA(255,255,255,0)&#8221; button_border_radius=&#8221;3px&#8221; button_text_shadow_style=&#8221;preset1&#8243; disabled=&#8221;on&#8221; global_colors_info=&#8221;{}&#8221;][\/et_pb_button][\/et_pb_column][\/et_pb_row][\/et_pb_section][et_pb_section fb_built=&#8221;1&#8243; _builder_version=&#8221;4.17.4&#8243; background_enable_color=&#8221;off&#8221; locked=&#8221;off&#8221; global_colors_info=&#8221;{}&#8221;][et_pb_row column_structure=&#8221;1_2,1_2&#8243; disabled_on=&#8221;off|off|off&#8221; _builder_version=&#8221;4.16&#8243; background_size=&#8221;initial&#8221; background_position=&#8221;top_left&#8221; background_repeat=&#8221;repeat&#8221; global_colors_info=&#8221;{}&#8221;][et_pb_column type=&#8221;1_2&#8243; _builder_version=&#8221;4.16&#8243; custom_padding=&#8221;|||&#8221; global_colors_info=&#8221;{}&#8221; custom_padding__hover=&#8221;|||&#8221;][et_pb_image src=&#8221;http:\/\/farmleigh.ie\/wp-content\/uploads\/2026\/01\/1-1.jpg&#8221; alt=&#8221;Farmleigh Porte Cochere with wisteria&#8221; title_text=&#8221;1&#8243; _builder_version=&#8221;4.27.5&#8243; _module_preset=&#8221;default&#8221; global_colors_info=&#8221;{}&#8221;][\/et_pb_image][et_pb_text admin_label=&#8221;House Tour&#8221; _builder_version=&#8221;4.27.5&#8243; text_font=&#8221;||||||||&#8221; text_text_color=&#8221;#0a0a0a&#8221; link_font=&#8221;|600|||||||&#8221; link_text_color=&#8221;#61b533&#8243; vertical_offset_tablet=&#8221;0&#8243; horizontal_offset_tablet=&#8221;0&#8243; module_alignment=&#8221;left&#8221; z_index_tablet=&#8221;500&#8243; box_shadow_horizontal_tablet=&#8221;0px&#8221; box_shadow_vertical_tablet=&#8221;0px&#8221; box_shadow_blur_tablet=&#8221;40px&#8221; box_shadow_spread_tablet=&#8221;0px&#8221; global_colors_info=&#8221;{}&#8221;]<\/p>\n<h3>Turas Treoraithe ar Theach Farmleigh<\/h3>\n<p>Is tr\u00ed thuras treoraithe amh\u00e1in a fhaightear rochtain ar Theach Farmleigh. B\u00edonn turais threoraithe ar Theach Farmleigh ar f\u00e1il idir 10.00 agus 17.30. Is \u00e9 16.30 an t-am is d\u00e9ana\u00ed a ligtear daoine isteach. Leithdh\u00e1iltear tic\u00e9id ar bhonn \u2018t\u00fas freastail ar an gceann is t\u00faisce\u2019 n\u00f3 tr\u00ed iad a chur in \u00e1irithe ar l\u00edne. Tar i gcuideachta le duine d\u00e1r dtreoraithe eolacha ar thuras ar Theach Farmleigh, ar lena linn a rachaidh t\u00fa \u00f3n ocht\u00fa haois d\u00e9ag, nuair a tosa\u00edodh an obair t\u00f3g\u00e1la, suas go dt\u00ed an l\u00e1 inniu.<\/p>\n<p>N\u00ed m\u00f3r do leana\u00ed bheith faoi mhaoirseacht ag aosach i gc\u00f3na\u00ed.<\/p>\n<p>Chun tuilleadh faisn\u00e9ise a fh\u00e1il n\u00f3 chun \u00e1irithint gr\u00fapa a dh\u00e9anamh, seol r\u00edomhphost chuig <span style=\"color: #008080;\"><a style=\"color: #008080;\" href=\"mailto:farmleighguides@opw.ie\"><strong>farmleighguides@opw.ie<\/strong><\/a><\/span>\u00a0n\u00f3 cuir glao ar 01 815 5914.<\/p>\n<p><strong>Coinnigh do mhadra ar \u00e9ill fad a bheidh t\u00fa ar East\u00e1t Farmleigh.<\/strong><\/p>\n<p>&nbsp;<\/p>\n<p>[\/et_pb_text][\/et_pb_column][et_pb_column type=&#8221;1_2&#8243; _builder_version=&#8221;4.16&#8243; custom_padding=&#8221;|||&#8221; global_colors_info=&#8221;{}&#8221; custom_padding__hover=&#8221;|||&#8221;][et_pb_image src=&#8221;http:\/\/farmleigh.ie\/wp-content\/uploads\/2026\/02\/Farmleigh-House-conservatory-view-1.jpg&#8221; alt=&#8221;View of Edward Cecil Guinness&#8217; conservatory and plants with dappled light on sunny day&#8221; title_text=&#8221;Farmleigh House conservatory view&#8221; _builder_version=&#8221;4.27.5&#8243; _module_preset=&#8221;default&#8221; global_colors_info=&#8221;{}&#8221;][\/et_pb_image][et_pb_text admin_label=&#8221;Admission charges&#8221; _builder_version=&#8221;4.27.5&#8243; text_text_color=&#8221;#383838&#8243; vertical_offset_tablet=&#8221;0&#8243; horizontal_offset_tablet=&#8221;0&#8243; module_alignment=&#8221;left&#8221; z_index_tablet=&#8221;500&#8243; box_shadow_horizontal_tablet=&#8221;0px&#8221; box_shadow_vertical_tablet=&#8221;0px&#8221; box_shadow_blur_tablet=&#8221;40px&#8221; box_shadow_spread_tablet=&#8221;0px&#8221; global_colors_info=&#8221;{}&#8221;]<\/p>\n<h3>Muirir ar Chead Isteach i dTeach Farmleigh<\/h3>\n<p>Aosach: \u20ac8.00<br \/>Sean\u00f3ir (60+): \u20ac6.00<br \/>Leanbh (12-17)\/Mac l\u00e9inn (aitheantas ag teast\u00e1il): \u20ac4.00<br \/>Leanbh faoi bhun 12 bhliain d\u2019aois: Saor in aisce<br \/>Teaghlach (Beirt aosach, c\u00faigear leana\u00ed ar a mh\u00e9ad): \u20ac20.00<\/p>\n<p>Maireann an turas ar an teach 50 n\u00f3im\u00e9ad ar an me\u00e1n.<\/p>\n<p>T\u00e1 cead isteach saor in aisce \u00e1 thairiscint againn d\u00f3ibh si\u00fad at\u00e1 faoi mh\u00edchumas agus do na c\u00faram\u00f3ir\u00ed at\u00e1 \u00e1 dtionlacan ag na su\u00edomhanna go l\u00e9ir d\u00e1r gcuid a ngearrtar t\u00e1ille chun dul isteach iontu.<\/p>\n<p>*\u00d3s rud \u00e9 gur foirgneamh oibre de chuid an Rialtais \u00e9 Teach Farmleigh, f\u00e9adfar an Teach a dh\u00fanadh ar gearrfh\u00f3gra. Is f\u00e9idir leat teagmh\u00e1il a dh\u00e9anamh linn chun an t-eolas is deireana\u00ed a fh\u00e1il roimh do chuairt, n\u00f3 is f\u00e9idir leat s\u00fail a chaitheamh ar an gc\u00e9ad leathanach den su\u00edomh Gr\u00e9as\u00e1in seo chun aon fh\u00f3gra\u00ed a l\u00e9amh.<\/p>\n<p>[\/et_pb_text][et_pb_button button_url=&#8221;https:\/\/farmleigh.admit-one.eu\/?p=calendar&#038;ev=STANDARD&#8221; button_text=&#8221;Cuir Turas ar an Teach in \u00c1irithe&#8221; disabled_on=&#8221;on|on|on&#8221; _builder_version=&#8221;4.27.5&#8243; _module_preset=&#8221;default&#8221; custom_button=&#8221;on&#8221; button_text_color=&#8221;#FFFFFF&#8221; button_bg_color=&#8221;#004d44&#8243; button_border_width=&#8221;2px&#8221; button_border_color=&#8221;RGBA(255,255,255,0)&#8221; button_text_shadow_style=&#8221;preset1&#8243; disabled=&#8221;on&#8221; global_colors_info=&#8221;{}&#8221;][\/et_pb_button][\/et_pb_column][\/et_pb_row][et_pb_row column_structure=&#8221;1_2,1_2&#8243; _builder_version=&#8221;4.27.5&#8243; _module_preset=&#8221;default&#8221; global_colors_info=&#8221;{}&#8221;][et_pb_column type=&#8221;1_2&#8243; _builder_version=&#8221;4.27.5&#8243; _module_preset=&#8221;default&#8221; global_colors_info=&#8221;{}&#8221;][et_pb_image src=&#8221;http:\/\/farmleigh.ie\/wp-content\/uploads\/2026\/02\/Boathouse-2.jpg&#8221; alt=&#8221;caf\u00e9 among trees beside Farmleigh lake&#8221; title_text=&#8221;Boathouse 2&#8243; url=&#8221;https:\/\/farmleigh.ie\/ga\/bialann-an-ti-bad\/&#8221; admin_label=&#8221;Boathouse Image&#8221; _builder_version=&#8221;4.27.5&#8243; _module_preset=&#8221;default&#8221; hover_enabled=&#8221;0&#8243; global_colors_info=&#8221;{}&#8221; sticky_enabled=&#8221;0&#8243;][\/et_pb_image][et_pb_text _builder_version=&#8221;4.27.5&#8243; _module_preset=&#8221;default&#8221; link_option_url=&#8221;https:\/\/farmleigh.ie\/ga\/bialann-an-ti-bad\/&#8221; hover_enabled=&#8221;0&#8243; global_colors_info=&#8221;{}&#8221; sticky_enabled=&#8221;0&#8243;]<\/p>\n<h3 class=\"et_pb_module_header\">Bialann an T\u00ed B\u00e1d<\/h3>\n<p>[\/et_pb_text][\/et_pb_column][et_pb_column type=&#8221;1_2&#8243; _builder_version=&#8221;4.27.5&#8243; _module_preset=&#8221;default&#8221; global_colors_info=&#8221;{}&#8221;][et_pb_image src=&#8221;http:\/\/farmleigh.ie\/wp-content\/uploads\/2026\/02\/8th-july0221.jpg&#8221; alt=&#8221;Soldiers marching into Farmleigh estate carrying EU flags&#8221; title_text=&#8221;Farmleigh Event 1&#8243; url=&#8221;https:\/\/farmleigh.ie\/events\/&#8221; admin_label=&#8221;Whats on Image&#8221; _builder_version=&#8221;4.27.5&#8243; _module_preset=&#8221;default&#8221; global_colors_info=&#8221;{}&#8221;][\/et_pb_image][et_pb_text _builder_version=&#8221;4.27.5&#8243; _module_preset=&#8221;default&#8221; link_option_url=&#8221;https:\/\/farmleigh.ie\/events\/&#8221; hover_enabled=&#8221;0&#8243; global_colors_info=&#8221;{}&#8221; sticky_enabled=&#8221;0&#8243;]<\/p>\n<h3>Cad At\u00e1 Ar Si\u00fal<\/h3>\n<p>[\/et_pb_text][\/et_pb_column][\/et_pb_row][\/et_pb_section][et_pb_section fb_built=&#8221;1&#8243; _builder_version=&#8221;4.16&#8243; global_colors_info=&#8221;{}&#8221;][et_pb_row _builder_version=&#8221;4.16&#8243; global_colors_info=&#8221;{}&#8221;][et_pb_column type=&#8221;4_4&#8243; _builder_version=&#8221;4.16&#8243; custom_padding=&#8221;|||&#8221; global_colors_info=&#8221;{}&#8221; custom_padding__hover=&#8221;|||&#8221;][et_pb_text admin_label=&#8221;Blog Intro Text&#8221; _builder_version=&#8221;4.17.6&#8243; link_font=&#8221;|600|||||||&#8221; link_text_color=&#8221;#61b533&#8243; module_alignment=&#8221;left&#8221; global_colors_info=&#8221;{}&#8221;]<\/p>\n<h1 style=\"text-align: center;\">Blag East\u00e1t Farmleigh<\/h1>\n<p style=\"text-align: center;\">L\u00e9igh na post\u00e1lacha is d\u00e9ana\u00ed th\u00edos, agus clice\u00e1il ar aghaidh chuig an <a href=\"https:\/\/farmleigh.ie\/blog\/\"><strong>mBlag<\/strong><\/a> ioml\u00e1n chun na hailt nuachta uile agus an t-eolas is deireana\u00ed ar fad a fh\u00e1il.<\/p>\n<p>[\/et_pb_text][et_pb_blog fullwidth=&#8221;off&#8221; posts_number=&#8221;3&#8243; include_categories=&#8221;39&#8243; show_author=&#8221;off&#8221; show_date=&#8221;off&#8221; show_categories=&#8221;off&#8221; show_pagination=&#8221;off&#8221; disabled_on=&#8221;on|on|on&#8221; _builder_version=&#8221;4.17.4&#8243; z_index_tablet=&#8221;500&#8243; border_radii=&#8221;on|8px|8px|8px|8px&#8221; border_color_all=&#8221;#004d44&#8243; disabled=&#8221;on&#8221; global_colors_info=&#8221;{}&#8221;][\/et_pb_blog][et_pb_divider disabled_on=&#8221;on|on|on&#8221; _builder_version=&#8221;4.16&#8243; _module_preset=&#8221;default&#8221; disabled=&#8221;on&#8221; global_colors_info=&#8221;{}&#8221;][\/et_pb_divider][\/et_pb_column][\/et_pb_row][\/et_pb_section][et_pb_section fb_built=&#8221;1&#8243; fullwidth=&#8221;on&#8221; _builder_version=&#8221;4.27.5&#8243; _module_preset=&#8221;default&#8221; global_colors_info=&#8221;{}&#8221;][et_pb_fullwidth_image src=&#8221;http:\/\/farmleigh.ie\/wp-content\/uploads\/2026\/01\/20220406_151604-scaled.jpg&#8221; alt=&#8221;Side view of Farmleigh, Guinness Family House, in spring&#8221; title_text=&#8221;20220406_151604&#8243; _builder_version=&#8221;4.27.5&#8243; _module_preset=&#8221;default&#8221; global_colors_info=&#8221;{}&#8221;][\/et_pb_fullwidth_image][\/et_pb_section]<\/p>\n","protected":false},"excerpt":{"rendered":"<p>F\u00e1ilte go Teach agus East\u00e1t Farmleigh Agus \u00e9 ina east\u00e1t ina bhfuil ocht n-acra is seacht\u00f3 at\u00e1 suite ar an taobh thiar thuaidh de Ph\u00e1irc an Fhionnuisce i mBaile \u00c1tha [&hellip;]<\/p>\n","protected":false},"author":1,"featured_media":0,"parent":0,"menu_order":0,"comment_status":"closed","ping_status":"closed","template":"","meta":{"_et_pb_use_builder":"on","_et_pb_old_content":"","_et_gb_content_width":"","footnotes":""},"class_list":["post-8615","page","type-page","status-publish","hentry"],"_links":{"self":[{"href":"https:\/\/farmleigh.ie\/ga\/wp-json\/wp\/v2\/pages\/8615","targetHints":{"allow":["GET"]}}],"collection":[{"href":"https:\/\/farmleigh.ie\/ga\/wp-json\/wp\/v2\/pages"}],"about":[{"href":"https:\/\/farmleigh.ie\/ga\/wp-json\/wp\/v2\/types\/page"}],"author":[{"embeddable":true,"href":"https:\/\/farmleigh.ie\/ga\/wp-json\/wp\/v2\/users\/1"}],"replies":[{"embeddable":true,"href":"https:\/\/farmleigh.ie\/ga\/wp-json\/wp\/v2\/comments?post=8615"}],"version-history":[{"count":5,"href":"https:\/\/farmleigh.ie\/ga\/wp-json\/wp\/v2\/pages\/8615\/revisions"}],"predecessor-version":[{"id":12476,"href":"https:\/\/farmleigh.ie\/ga\/wp-json\/wp\/v2\/pages\/8615\/revisions\/12476"}],"wp:attachment":[{"href":"https:\/\/farmleigh.ie\/ga\/wp-json\/wp\/v2\/media?parent=8615"}],"curies":[{"name":"wp","href":"https:\/\/api.w.org\/{rel}","templated":true}]}}