{"id":8524,"date":"2023-01-25T11:55:39","date_gmt":"2023-01-25T11:55:39","guid":{"rendered":"https:\/\/farmleigh.ie\/eolas-fuinn\/"},"modified":"2024-01-29T11:46:10","modified_gmt":"2024-01-29T11:46:10","slug":"eolas-fuinn","status":"publish","type":"page","link":"https:\/\/farmleigh.ie\/ga\/eolas-fuinn\/","title":{"rendered":"Eolas F\u00fainn"},"content":{"rendered":"<p>[et_pb_section fb_built=&#8221;1&#8243; fullwidth=&#8221;on&#8221; _builder_version=&#8221;4.16&#8243; background_image=&#8221;https:\/\/farmleigh.ie\/wp-content\/uploads\/2017\/10\/Back-of-the-Conservatory-at-Farmleigh.-OPW.jpg&#8221; global_colors_info=&#8221;{}&#8221;][et_pb_fullwidth_header title=&#8221;Eolas F\u00fainn&#8221; subhead=&#8221;Sc\u00e9al Theach Farmleigh&#8221; text_orientation=&#8221;center&#8221; header_fullscreen=&#8221;on&#8221; header_scroll_down=&#8221;on&#8221; scroll_down_icon_size=&#8221;25px&#8221; background_overlay_color=&#8221;rgba(0,0,0,0.33)&#8221; content_max_width=&#8221;none&#8221; _builder_version=&#8221;4.17.4&#8243; title_font_size=&#8221;50px&#8221; subhead_font_size=&#8221;23px&#8221; background_color=&#8221;rgba(255, 255, 255, 0)&#8221; background_image=&#8221;http:\/\/www.farmleigh.ie\/wp-content\/uploads\/2017\/10\/Farmleigh-in-Duncan-Map-of-1821.png.jpg&#8221; button_one_letter_spacing_hover=&#8221;0&#8243; button_two_letter_spacing_hover=&#8221;0&#8243; global_colors_info=&#8221;{}&#8221; button_one_text_size__hover_enabled=&#8221;off&#8221; button_two_text_size__hover_enabled=&#8221;off&#8221; button_one_text_color__hover_enabled=&#8221;off&#8221; button_two_text_color__hover_enabled=&#8221;off&#8221; button_one_border_width__hover_enabled=&#8221;off&#8221; button_two_border_width__hover_enabled=&#8221;off&#8221; button_one_border_color__hover_enabled=&#8221;off&#8221; button_two_border_color__hover_enabled=&#8221;off&#8221; button_one_border_radius__hover_enabled=&#8221;off&#8221; button_two_border_radius__hover_enabled=&#8221;off&#8221; button_one_letter_spacing__hover_enabled=&#8221;on&#8221; button_one_letter_spacing__hover=&#8221;0&#8243; button_two_letter_spacing__hover_enabled=&#8221;on&#8221; button_two_letter_spacing__hover=&#8221;0&#8243; button_one_bg_color__hover_enabled=&#8221;off&#8221; button_two_bg_color__hover_enabled=&#8221;off&#8221;][\/et_pb_fullwidth_header][\/et_pb_section][et_pb_section fb_built=&#8221;1&#8243; _builder_version=&#8221;4.17.4&#8243; background_enable_color=&#8221;off&#8221; global_colors_info=&#8221;{}&#8221;][et_pb_row _builder_version=&#8221;4.16&#8243; background_size=&#8221;initial&#8221; background_position=&#8221;top_left&#8221; background_repeat=&#8221;repeat&#8221; global_colors_info=&#8221;{}&#8221;][et_pb_column type=&#8221;4_4&#8243; _builder_version=&#8221;4.16&#8243; custom_padding=&#8221;|||&#8221; global_colors_info=&#8221;{}&#8221; custom_padding__hover=&#8221;|||&#8221;][et_pb_text admin_label=&#8221;Originally &#8230; Text&#8221; _builder_version=&#8221;4.17.4&#8243; module_alignment=&#8221;left&#8221; border_style=&#8221;solid&#8221; global_colors_info=&#8221;{}&#8221;]<\/p>\n<h3>Gan a bheith ach ina theach Seoirseach beag nuair a t\u00f3gadh ar dt\u00fas \u00e9 ag deireadh an ocht\u00fa haois d\u00e9ag\u2026<\/h3>\n<p>\u2026 cheannaigh Edward Cecil Guinness (1847-1927) Teach Farmleigh tr\u00e1th a ph\u00f3s s\u00e9 Adelaide Guinness, col ceathrar leis, sa bhliain 1873. Ba mhac garph\u00e1iste le Arthur Guinness, bunaitheoir na gr\u00fadlainne eapainmn\u00ed, \u00e9 Edward Cecil, a th\u00e1inig chun bheith ar ch\u00e9ad Iarla U\u00edbh Eachach sa bhliain 1919. Tugadh faoin gc\u00e9ad mh\u00f3rchl\u00e1r t\u00f3g\u00e1la sa tr\u00e9imhse 1881-84 de r\u00e9ir dheara\u00ed James Franklin Fuller (1832-1925), ailtire \u00c9ireannach, a sh\u00edn an teach n\u00edos faide siar, a d\u2019athch\u00f3irigh an teach a bh\u00ed ann cheana, agus a chuir tr\u00ed\u00fa st\u00f3r leis an teach. Cuireadh sciath\u00e1n an Bh\u00e1lseomra leis an teach sa bhliain 1896, rud ar dhear William Young (1843-1900), ailtire Albanach, \u00e9.<\/p>\n<p>Tar \u00e9is Grian\u00e1n nua a chur isteach in aice leis an mB\u00e1lseomra sa bhliain 1901 agus tar \u00e9is tuilleadh planda\u00ed leathanduilleacha agus and\u00fachasacha a chur sna gaird\u00edn\u00ed, ba ag Teach Farmleigh, faoi na luathbhlianta den fhichi\u00fa haois, a bh\u00ed na nithe uile a bh\u00ed de dh\u00edth le haghaidh maireacht\u00e1il mhaorga agus siamsa\u00edocht st\u00edli\u00fail. Is le heicl\u00e9icteachas an mhaisi\u00fach\u00e1in int\u00ed a bhaineann m\u00f3rdhra\u00edocht an T\u00ed, agus st\u00edleanna de chine\u00e1l clasaiceach, Seacaib\u00edneach, Louis XV, Louis XVI agus Seoirseach le f\u00e1il ann.<\/p>\n<p>Cheannaigh Rialtas na h\u00c9ireann East\u00e1t Farmleigh \u00f3 mhuintir Guinness sa bhliain 1999 ar chostas \u20ac29.2m. D\u2019athch\u00f3irigh Oifig na nOibreacha Poibl\u00ed an teach go c\u00faramach mar phr\u00edomhl\u00f3ist\u00edn do dhaoine m\u00f3r le r\u00e1 at\u00e1 ar cuairt agus d\u2019a\u00edonna de chuid na t\u00edre, do chruinnithe ardleibh\u00e9il den Rialtas agus do thaitneamh an phobail.<\/p>\n<p>[\/et_pb_text][\/et_pb_column][\/et_pb_row][\/et_pb_section][et_pb_section fb_built=&#8221;1&#8243; _builder_version=&#8221;4.17.4&#8243; background_color=&#8221;#f2f8f7&#8243; global_colors_info=&#8221;{}&#8221;][et_pb_row _builder_version=&#8221;4.16&#8243; background_size=&#8221;initial&#8221; background_position=&#8221;top_left&#8221; background_repeat=&#8221;repeat&#8221; global_colors_info=&#8221;{}&#8221;][et_pb_column type=&#8221;4_4&#8243; _builder_version=&#8221;4.16&#8243; custom_padding=&#8221;|||&#8221; global_colors_info=&#8221;{}&#8221; custom_padding__hover=&#8221;|||&#8221;][et_pb_text admin_label=&#8221;Originally &#8230; Images&#8221; _builder_version=&#8221;4.17.4&#8243; module_alignment=&#8221;left&#8221; border_style=&#8221;solid&#8221; global_colors_info=&#8221;{}&#8221;]<\/p>\n<p>&nbsp;<\/p>\n\n\t\t<style type=\"text\/css\">\n\t\t\t#gallery-1 {\n\t\t\t\tmargin: auto;\n\t\t\t}\n\t\t\t#gallery-1 .gallery-item {\n\t\t\t\tfloat: left;\n\t\t\t\tmargin-top: 10px;\n\t\t\t\ttext-align: center;\n\t\t\t\twidth: 33%;\n\t\t\t}\n\t\t\t#gallery-1 img {\n\t\t\t\tborder: 2px solid #cfcfcf;\n\t\t\t}\n\t\t\t#gallery-1 .gallery-caption {\n\t\t\t\tmargin-left: 0;\n\t\t\t}\n\t\t\t\/* see gallery_shortcode() in wp-includes\/media.php *\/\n\t\t<\/style>\n\t\t<div id='gallery-1' class='gallery galleryid-8524 gallery-columns-3 gallery-size-thumbnail'><dl class='gallery-item'>\n\t\t\t<dt class='gallery-icon portrait'>\n\t\t\t\t<a href='https:\/\/farmleigh.ie\/ga\/unidentified-sitter-in-farmleigh-conservatory-c-1893\/'><img loading=\"lazy\" decoding=\"async\" width=\"150\" height=\"150\" src=\"https:\/\/farmleigh.ie\/wp-content\/uploads\/2017\/10\/Unidentified-sitter-in-Farmleigh-conservatory-c.-1893.--150x150.jpg\" class=\"attachment-thumbnail size-thumbnail\" alt=\"\" aria-describedby=\"gallery-1-1236\" \/><\/a>\n\t\t\t<\/dt>\n\t\t\t\t<dd class='wp-caption-text gallery-caption' id='gallery-1-1236'>\n\t\t\t\tUnidentified sitter in Farmleigh conservatory c. 1893.\n\t\t\t\t<\/dd><\/dl><dl class='gallery-item'>\n\t\t\t<dt class='gallery-icon portrait'>\n\t\t\t\t<a href='https:\/\/farmleigh.ie\/ga\/historical-image-of-farmleigh-opw\/'><img loading=\"lazy\" decoding=\"async\" width=\"150\" height=\"150\" src=\"https:\/\/farmleigh.ie\/wp-content\/uploads\/2017\/10\/Historical-image-of-Farmleigh.-OPW-150x150.jpg\" class=\"attachment-thumbnail size-thumbnail\" alt=\"\" aria-describedby=\"gallery-1-1234\" \/><\/a>\n\t\t\t<\/dt>\n\t\t\t\t<dd class='wp-caption-text gallery-caption' id='gallery-1-1234'>\n\t\t\t\tHistorical image of Farmleigh. Unidentified gentleman. C. 1890s. \n\t\t\t\t<\/dd><\/dl><dl class='gallery-item'>\n\t\t\t<dt class='gallery-icon landscape'>\n\t\t\t\t<a href='https:\/\/farmleigh.ie\/ga\/historic-image-of-the-sunken-garden-at-farmleigh\/'><img loading=\"lazy\" decoding=\"async\" width=\"150\" height=\"150\" src=\"https:\/\/farmleigh.ie\/wp-content\/uploads\/2017\/10\/Historic-image-of-the-Sunken-Garden-at-Farmleigh-150x150.jpg\" class=\"attachment-thumbnail size-thumbnail\" alt=\"\" aria-describedby=\"gallery-1-1233\" \/><\/a>\n\t\t\t<\/dt>\n\t\t\t\t<dd class='wp-caption-text gallery-caption' id='gallery-1-1233'>\n\t\t\t\tHistoric image of the Sunken Garden at Farmleigh, c. 1930. \n\t\t\t\t<\/dd><\/dl><br style=\"clear: both\" \/><dl class='gallery-item'>\n\t\t\t<dt class='gallery-icon landscape'>\n\t\t\t\t<a href='https:\/\/farmleigh.ie\/ga\/historic-image-of-farmleigh-2\/'><img loading=\"lazy\" decoding=\"async\" width=\"150\" height=\"150\" src=\"https:\/\/farmleigh.ie\/wp-content\/uploads\/2017\/10\/Historic-image-of-Farmleigh-150x150.jpg\" class=\"attachment-thumbnail size-thumbnail\" alt=\"\" aria-describedby=\"gallery-1-8523\" \/><\/a>\n\t\t\t<\/dt>\n\t\t\t\t<dd class='wp-caption-text gallery-caption' id='gallery-1-8523'>\n\t\t\t\tTeach Farmleigh c. 1910. \n\t\t\t\t<\/dd><\/dl>\n\t\t\t<br style='clear: both' \/>\n\t\t<\/div>\n\n<p>[\/et_pb_text][\/et_pb_column][\/et_pb_row][et_pb_row disabled_on=&#8221;on|on|on&#8221; _builder_version=&#8221;4.16&#8243; background_size=&#8221;initial&#8221; background_position=&#8221;top_left&#8221; background_repeat=&#8221;repeat&#8221; disabled=&#8221;on&#8221; global_colors_info=&#8221;{}&#8221;][et_pb_column type=&#8221;4_4&#8243; _builder_version=&#8221;4.16&#8243; custom_padding=&#8221;|||&#8221; global_colors_info=&#8221;{}&#8221; custom_padding__hover=&#8221;|||&#8221;][et_pb_divider show_divider=&#8221;off&#8221; disabled_on=&#8221;off&#8221; _builder_version=&#8221;4.16&#8243; hide_on_mobile=&#8221;off&#8221; global_colors_info=&#8221;{}&#8221;][\/et_pb_divider][\/et_pb_column][\/et_pb_row][\/et_pb_section][et_pb_section fb_built=&#8221;1&#8243; _builder_version=&#8221;4.17.4&#8243; background_color=&#8221;#e8f2f0&#8243; global_colors_info=&#8221;{}&#8221;][et_pb_row _builder_version=&#8221;4.16&#8243; background_size=&#8221;initial&#8221; background_position=&#8221;top_left&#8221; background_repeat=&#8221;repeat&#8221; global_colors_info=&#8221;{}&#8221;][et_pb_column type=&#8221;4_4&#8243; _builder_version=&#8221;4.16&#8243; custom_padding=&#8221;|||&#8221; global_colors_info=&#8221;{}&#8221; custom_padding__hover=&#8221;|||&#8221;][et_pb_text admin_label=&#8221;Maps Text&#8221; _builder_version=&#8221;4.19.4&#8243; module_alignment=&#8221;left&#8221; hover_enabled=&#8221;0&#8243; border_style=&#8221;solid&#8221; global_colors_info=&#8221;{}&#8221; sticky_enabled=&#8221;0&#8243;]<\/p>\n<h3>Some Historic Maps of Farmleigh Estate<\/h3>\n<p>Click to view in larger format.<\/p>\n<p>&nbsp;<\/p>\n\n\t\t<style type=\"text\/css\">\n\t\t\t#gallery-2 {\n\t\t\t\tmargin: auto;\n\t\t\t}\n\t\t\t#gallery-2 .gallery-item {\n\t\t\t\tfloat: left;\n\t\t\t\tmargin-top: 10px;\n\t\t\t\ttext-align: center;\n\t\t\t\twidth: 33%;\n\t\t\t}\n\t\t\t#gallery-2 img {\n\t\t\t\tborder: 2px solid #cfcfcf;\n\t\t\t}\n\t\t\t#gallery-2 .gallery-caption {\n\t\t\t\tmargin-left: 0;\n\t\t\t}\n\t\t\t\/* see gallery_shortcode() in wp-includes\/media.php *\/\n\t\t<\/style>\n\t\t<div id='gallery-2' class='gallery galleryid-8524 gallery-columns-3 gallery-size-thumbnail'><dl class='gallery-item'>\n\t\t\t<dt class='gallery-icon landscape'>\n\t\t\t\t<a href='https:\/\/farmleigh.ie\/ga\/farmleigh-in-taylor-south-map-of-1816-png-2\/'><img loading=\"lazy\" decoding=\"async\" width=\"150\" height=\"150\" src=\"https:\/\/farmleigh.ie\/wp-content\/uploads\/2017\/10\/Farmleigh-in-Taylor-South-Map-of-1816.png-150x150.jpg\" class=\"attachment-thumbnail size-thumbnail\" alt=\"\" aria-describedby=\"gallery-2-8537\" \/><\/a>\n\t\t\t<\/dt>\n\t\t\t\t<dd class='wp-caption-text gallery-caption' id='gallery-2-8537'>\n\t\t\t\tFarmleigh in Taylor South Map of 1816\n\t\t\t\t<\/dd><\/dl><dl class='gallery-item'>\n\t\t\t<dt class='gallery-icon landscape'>\n\t\t\t\t<a href='https:\/\/farmleigh.ie\/ga\/farmleigh-in-duncan-map-of-1821-png-2\/'><img loading=\"lazy\" decoding=\"async\" width=\"150\" height=\"150\" src=\"https:\/\/farmleigh.ie\/wp-content\/uploads\/2017\/10\/Farmleigh-in-Duncan-Map-of-1821.png-150x150.jpg\" class=\"attachment-thumbnail size-thumbnail\" alt=\"\" aria-describedby=\"gallery-2-8540\" \/><\/a>\n\t\t\t<\/dt>\n\t\t\t\t<dd class='wp-caption-text gallery-caption' id='gallery-2-8540'>\n\t\t\t\tFarmleigh in Duncan Map of 1821\n\t\t\t\t<\/dd><\/dl><dl class='gallery-item'>\n\t\t\t<dt class='gallery-icon landscape'>\n\t\t\t\t<a href='https:\/\/farmleigh.ie\/ga\/farmleigh-in-first-edition-6-inch-osi-map-of-1837-png\/'><img loading=\"lazy\" decoding=\"async\" width=\"150\" height=\"150\" src=\"https:\/\/farmleigh.ie\/wp-content\/uploads\/2017\/10\/Farmleigh-in-First-Edition-6-Inch-OSI-Map-of-1837.png-150x150.jpg\" class=\"attachment-thumbnail size-thumbnail\" alt=\"\" aria-describedby=\"gallery-2-1099\" \/><\/a>\n\t\t\t<\/dt>\n\t\t\t\t<dd class='wp-caption-text gallery-caption' id='gallery-2-1099'>\n\t\t\t\tFarmleigh in First Edition 6 Inch OSI Map of 1837\n\t\t\t\t<\/dd><\/dl><br style=\"clear: both\" \/><dl class='gallery-item'>\n\t\t\t<dt class='gallery-icon landscape'>\n\t\t\t\t<a href='https:\/\/farmleigh.ie\/ga\/farmleigh-in-3rd-edition-6-inch-osi-map-of-1912-png\/'><img loading=\"lazy\" decoding=\"async\" width=\"150\" height=\"150\" src=\"https:\/\/farmleigh.ie\/wp-content\/uploads\/2017\/10\/Farmleigh-in-3rd-Edition-6-Inch-OSI-Map-of-1912.png-150x150.jpg\" class=\"attachment-thumbnail size-thumbnail\" alt=\"\" aria-describedby=\"gallery-2-1098\" \/><\/a>\n\t\t\t<\/dt>\n\t\t\t\t<dd class='wp-caption-text gallery-caption' id='gallery-2-1098'>\n\t\t\t\tFarmleigh in 3rd Edition 6 Inch OSI Map of 1912\n\t\t\t\t<\/dd><\/dl><dl class='gallery-item'>\n\t\t\t<dt class='gallery-icon landscape'>\n\t\t\t\t<a href='https:\/\/farmleigh.ie\/ga\/farmleigh-in-4th-edition-6-inch-osi-map-of-1938-png\/'><img loading=\"lazy\" decoding=\"async\" width=\"150\" height=\"150\" src=\"https:\/\/farmleigh.ie\/wp-content\/uploads\/2017\/10\/Farmleigh-in-4th-Edition-6-Inch-OSI-Map-of-1938.png-150x150.jpg\" class=\"attachment-thumbnail size-thumbnail\" alt=\"\" aria-describedby=\"gallery-2-1097\" \/><\/a>\n\t\t\t<\/dt>\n\t\t\t\t<dd class='wp-caption-text gallery-caption' id='gallery-2-1097'>\n\t\t\t\tFarmleigh in 4th Edition 6 Inch OSI Map of 1938\n\t\t\t\t<\/dd><\/dl>\n\t\t\t<br style='clear: both' \/>\n\t\t<\/div>\n\n<p>[\/et_pb_text][\/et_pb_column][\/et_pb_row][\/et_pb_section][et_pb_section fb_built=&#8221;1&#8243; fullwidth=&#8221;on&#8221; disabled_on=&#8221;on|on|on&#8221; _builder_version=&#8221;4.16&#8243; disabled=&#8221;on&#8221; global_colors_info=&#8221;{}&#8221;][et_pb_fullwidth_image src=&#8221;http:\/\/farmleigh.ie\/wp-content\/uploads\/2017\/10\/Farmleigh-House.-OPW.jpg&#8221; _builder_version=&#8221;4.16&#8243; animation=&#8221;off&#8221; global_colors_info=&#8221;{}&#8221;][\/et_pb_fullwidth_image][\/et_pb_section]<\/p>\n","protected":false},"excerpt":{"rendered":"<p>Gan a bheith ach ina theach Seoirseach beag nuair a t\u00f3gadh ar dt\u00fas \u00e9 ag deireadh an ocht\u00fa haois d\u00e9ag\u2026 \u2026 cheannaigh Edward Cecil Guinness (1847-1927) Teach Farmleigh tr\u00e1th a [&hellip;]<\/p>\n","protected":false},"author":1,"featured_media":0,"parent":0,"menu_order":0,"comment_status":"closed","ping_status":"closed","template":"","meta":{"_et_pb_use_builder":"on","_et_pb_old_content":"","_et_gb_content_width":"","footnotes":""},"class_list":["post-8524","page","type-page","status-publish","hentry"],"_links":{"self":[{"href":"https:\/\/farmleigh.ie\/ga\/wp-json\/wp\/v2\/pages\/8524","targetHints":{"allow":["GET"]}}],"collection":[{"href":"https:\/\/farmleigh.ie\/ga\/wp-json\/wp\/v2\/pages"}],"about":[{"href":"https:\/\/farmleigh.ie\/ga\/wp-json\/wp\/v2\/types\/page"}],"author":[{"embeddable":true,"href":"https:\/\/farmleigh.ie\/ga\/wp-json\/wp\/v2\/users\/1"}],"replies":[{"embeddable":true,"href":"https:\/\/farmleigh.ie\/ga\/wp-json\/wp\/v2\/comments?post=8524"}],"version-history":[{"count":5,"href":"https:\/\/farmleigh.ie\/ga\/wp-json\/wp\/v2\/pages\/8524\/revisions"}],"predecessor-version":[{"id":10087,"href":"https:\/\/farmleigh.ie\/ga\/wp-json\/wp\/v2\/pages\/8524\/revisions\/10087"}],"wp:attachment":[{"href":"https:\/\/farmleigh.ie\/ga\/wp-json\/wp\/v2\/media?parent=8524"}],"curies":[{"name":"wp","href":"https:\/\/api.w.org\/{rel}","templated":true}]}}